{"id":19600,"date":"2024-10-31T12:05:09","date_gmt":"2024-10-31T11:05:09","guid":{"rendered":"https:\/\/www.lacooperativewelcoop.com\/?post_type=event&#038;p=19600"},"modified":"2024-10-31T12:05:11","modified_gmt":"2024-10-31T11:05:11","slug":"soiree-installation-paris","status":"publish","type":"event","link":"https:\/\/www.lacooperativewelcoop.com\/en\/actualites\/agenda\/soiree-installation-paris\/","title":{"rendered":"Soir\u00e9e Installation &#8211; Paris"},"content":{"rendered":"\n<figure class=\"wp-block-image size-full\"><a href=\"https:\/\/www.evalandgo.com\/f\/197755\/4pq8TMEwLE8QmG6Tq2j1kZ\" target=\"_blank\" rel=\"noreferrer noopener\"><img loading=\"lazy\" decoding=\"async\" width=\"125\" height=\"50\" src=\"https:\/\/www.lacooperativewelcoop.com\/wp-content\/uploads\/2024\/10\/Bouton-inscription2.jpg\" alt=\"Bouton inscription soir\u00e9e installation\" class=\"wp-image-19594\"\/><\/a><\/figure>\n\n\n\n<p>La Coop\u00e9rative Welcoop, au travers de son programme <strong>Welcoop G\u00e9n\u00e9ration<\/strong>, a le plaisir de vous convier \u00e0 une soir\u00e9e sur <strong>l&#8217;Installation en officine<\/strong> et pr\u00e9sentera en avant-premi\u00e8re sa solution de compl\u00e9ment d&#8217;apport personnel \u00ab&nbsp;<strong>Welcoop\u2019Install<\/strong>&nbsp;\u00bb.<\/p>\n\n\n\n<p><strong>Programme : <\/strong><\/p>\n\n\n\n<p><strong>19h00 Welcoop G\u00e9n\u00e9ration, un programme d&#8217;accompagnement interg\u00e9n\u00e9rationnel pour une pharmacie libre et ind\u00e9pendante<\/strong><br>           Laurent Turquier, Pharmacien et membre du Directoire de La Coop\u00e9rative Welcoop<\/p>\n\n\n\n<p><strong>19h20 Pharm&#8217;Access, guichet unique et \u00e9thique au service des pharmaciens<\/strong><br>           Fabrice Foltz, Pharmacien-Directeur du d\u00e9veloppement et fondateur de Pharm&#8217;Access, Transactions et Conseils<\/p>\n\n\n\n<p><strong>19h50 Une solution de financement exclusive \u00ab&nbsp;Welcoop\u2019Install&nbsp;\u00bb<\/strong><br>           Fabrice Foltz, Pharmacien-Directeur du d\u00e9veloppement et fondateur de Pharm&#8217;Access, Transactions et Conseils<\/p>\n\n\n\n<p><strong>20h00 Une offre globale exclusive avec Objectif Pharma<\/strong><br>           Ludovic Rivi\u00e8re, Directeur des op\u00e9rations, Groupement Objectif Pharma<\/p>\n\n\n\n<p><strong>20h15 \u00c9changes questions-r\u00e9ponses<\/strong><\/p>\n\n\n\n<p><strong>20h30 Conclusion<\/strong><\/p>\n","protected":false},"author":12,"featured_media":19596,"template":"","cat_event":[85],"class_list":["post-19600","event","type-event","status-publish","has-post-thumbnail","hentry","cat_event-soiree"],"acf":[],"yoast_head":"<!-- This site is optimized with the Yoast SEO plugin v27.5 - https:\/\/yoast.com\/product\/yoast-seo-wordpress\/ -->\n<title>Soir\u00e9e Installation - Paris - La Coop\u00e9rative Welcoop<\/title>\n<meta name=\"description\" content=\"La Coop\u00e9rative Welcoop a le plaisir de vous convier \u00e0 une soir\u00e9e sur l&#039;Installation en officine \u00e0 Paris le jeudi 28 novembre 2024.\" \/>\n<meta name=\"robots\" content=\"index, follow, max-snippet:-1, max-image-preview:large, max-video-preview:-1\" \/>\n<link rel=\"canonical\" href=\"https:\/\/www.lacooperativewelcoop.com\/actualites\/agenda\/soiree-installation-paris\/\" \/>\n<meta property=\"og:locale\" content=\"en_US\" \/>\n<meta property=\"og:type\" content=\"article\" \/>\n<meta property=\"og:title\" content=\"Soir\u00e9e Installation - Paris - La Coop\u00e9rative Welcoop\" \/>\n<meta property=\"og:description\" content=\"La Coop\u00e9rative Welcoop a le plaisir de vous convier \u00e0 une soir\u00e9e sur l&#039;Installation en officine \u00e0 Paris le jeudi 28 novembre 2024.\" \/>\n<meta property=\"og:url\" content=\"https:\/\/www.lacooperativewelcoop.com\/actualites\/agenda\/soiree-installation-paris\/\" \/>\n<meta property=\"og:site_name\" content=\"La Coop\u00e9rative Welcoop\" \/>\n<meta property=\"article:publisher\" content=\"https:\/\/www.facebook.com\/lacooperativewelcoop\" \/>\n<meta property=\"article:modified_time\" content=\"2024-10-31T11:05:11+00:00\" \/>\n<meta property=\"og:image\" content=\"https:\/\/www.lacooperativewelcoop.com\/wp-content\/uploads\/2024\/10\/Bann.png\" \/>\n\t<meta property=\"og:image:width\" content=\"1414\" \/>\n\t<meta property=\"og:image:height\" content=\"589\" \/>\n\t<meta property=\"og:image:type\" content=\"image\/png\" \/>\n<meta name=\"twitter:card\" content=\"summary_large_image\" \/>\n<meta name=\"twitter:site\" content=\"@LaCoopWelcoop\" \/>\n<meta name=\"twitter:label1\" content=\"Est. reading time\" \/>\n\t<meta name=\"twitter:data1\" content=\"1 minute\" \/>\n<script type=\"application\/ld+json\" class=\"yoast-schema-graph\">{\"@context\":\"https:\\\/\\\/schema.org\",\"@graph\":[{\"@type\":\"WebPage\",\"@id\":\"https:\\\/\\\/www.lacooperativewelcoop.com\\\/actualites\\\/agenda\\\/soiree-installation-paris\\\/\",\"url\":\"https:\\\/\\\/www.lacooperativewelcoop.com\\\/actualites\\\/agenda\\\/soiree-installation-paris\\\/\",\"name\":\"Soir\u00e9e Installation - Paris - La Coop\u00e9rative Welcoop\",\"isPartOf\":{\"@id\":\"https:\\\/\\\/www.lacooperativewelcoop.com\\\/#website\"},\"primaryImageOfPage\":{\"@id\":\"https:\\\/\\\/www.lacooperativewelcoop.com\\\/actualites\\\/agenda\\\/soiree-installation-paris\\\/#primaryimage\"},\"image\":{\"@id\":\"https:\\\/\\\/www.lacooperativewelcoop.com\\\/actualites\\\/agenda\\\/soiree-installation-paris\\\/#primaryimage\"},\"thumbnailUrl\":\"https:\\\/\\\/www.lacooperativewelcoop.com\\\/wp-content\\\/uploads\\\/2024\\\/10\\\/Bann.png\",\"datePublished\":\"2024-10-31T11:05:09+00:00\",\"dateModified\":\"2024-10-31T11:05:11+00:00\",\"description\":\"La Coop\u00e9rative Welcoop a le plaisir de vous convier \u00e0 une soir\u00e9e sur l'Installation en officine \u00e0 Paris le jeudi 28 novembre 2024.\",\"breadcrumb\":{\"@id\":\"https:\\\/\\\/www.lacooperativewelcoop.com\\\/actualites\\\/agenda\\\/soiree-installation-paris\\\/#breadcrumb\"},\"inLanguage\":\"en-US\",\"potentialAction\":[{\"@type\":\"ReadAction\",\"target\":[\"https:\\\/\\\/www.lacooperativewelcoop.com\\\/actualites\\\/agenda\\\/soiree-installation-paris\\\/\"]}]},{\"@type\":\"ImageObject\",\"inLanguage\":\"en-US\",\"@id\":\"https:\\\/\\\/www.lacooperativewelcoop.com\\\/actualites\\\/agenda\\\/soiree-installation-paris\\\/#primaryimage\",\"url\":\"https:\\\/\\\/www.lacooperativewelcoop.com\\\/wp-content\\\/uploads\\\/2024\\\/10\\\/Bann.png\",\"contentUrl\":\"https:\\\/\\\/www.lacooperativewelcoop.com\\\/wp-content\\\/uploads\\\/2024\\\/10\\\/Bann.png\",\"width\":1414,\"height\":589,\"caption\":\"Bann soir\u00e9e installation\"},{\"@type\":\"BreadcrumbList\",\"@id\":\"https:\\\/\\\/www.lacooperativewelcoop.com\\\/actualites\\\/agenda\\\/soiree-installation-paris\\\/#breadcrumb\",\"itemListElement\":[{\"@type\":\"ListItem\",\"position\":1,\"name\":\"Accueil\",\"item\":\"https:\\\/\\\/www.lacooperativewelcoop.com\\\/en\\\/\"},{\"@type\":\"ListItem\",\"position\":2,\"name\":\"Agenda\",\"item\":\"https:\\\/\\\/www.lacooperativewelcoop.com\\\/actualites\\\/agenda\\\/\"},{\"@type\":\"ListItem\",\"position\":3,\"name\":\"Soir\u00e9e Installation &#8211; Paris\"}]},{\"@type\":\"WebSite\",\"@id\":\"https:\\\/\\\/www.lacooperativewelcoop.com\\\/#website\",\"url\":\"https:\\\/\\\/www.lacooperativewelcoop.com\\\/\",\"name\":\"La Coop\u00e9rative Welcoop\",\"description\":\"Citoyens de la sant\u00e9 et du bien-\u00eatre\",\"publisher\":{\"@id\":\"https:\\\/\\\/www.lacooperativewelcoop.com\\\/#organization\"},\"potentialAction\":[{\"@type\":\"SearchAction\",\"target\":{\"@type\":\"EntryPoint\",\"urlTemplate\":\"https:\\\/\\\/www.lacooperativewelcoop.com\\\/?s={search_term_string}\"},\"query-input\":{\"@type\":\"PropertyValueSpecification\",\"valueRequired\":true,\"valueName\":\"search_term_string\"}}],\"inLanguage\":\"en-US\"},{\"@type\":\"Organization\",\"@id\":\"https:\\\/\\\/www.lacooperativewelcoop.com\\\/#organization\",\"name\":\"La Coop\u00e9rative Welcoop\",\"url\":\"https:\\\/\\\/www.lacooperativewelcoop.com\\\/\",\"logo\":{\"@type\":\"ImageObject\",\"inLanguage\":\"en-US\",\"@id\":\"https:\\\/\\\/www.lacooperativewelcoop.com\\\/#\\\/schema\\\/logo\\\/image\\\/\",\"url\":\"https:\\\/\\\/www.lacooperativewelcoop.com\\\/wp-content\\\/uploads\\\/2019\\\/08\\\/logo@2x.png\",\"contentUrl\":\"https:\\\/\\\/www.lacooperativewelcoop.com\\\/wp-content\\\/uploads\\\/2019\\\/08\\\/logo@2x.png\",\"width\":400,\"height\":218,\"caption\":\"La Coop\u00e9rative Welcoop\"},\"image\":{\"@id\":\"https:\\\/\\\/www.lacooperativewelcoop.com\\\/#\\\/schema\\\/logo\\\/image\\\/\"},\"sameAs\":[\"https:\\\/\\\/www.facebook.com\\\/lacooperativewelcoop\",\"https:\\\/\\\/x.com\\\/LaCoopWelcoop\",\"https:\\\/\\\/www.instagram.com\\\/lacooperativewelcoop\\\/\",\"https:\\\/\\\/www.linkedin.com\\\/company\\\/la-cooperative-welcoop\\\/\",\"https:\\\/\\\/www.youtube.com\\\/playlist?list=PLgsP06JS6FdCOQzquwK_JyDt9fl52quMf\"]}]}<\/script>\n<!-- \/ Yoast SEO plugin. -->","yoast_head_json":{"title":"Soir\u00e9e Installation - Paris - La Coop\u00e9rative Welcoop","description":"La Coop\u00e9rative Welcoop a le plaisir de vous convier \u00e0 une soir\u00e9e sur l'Installation en officine \u00e0 Paris le jeudi 28 novembre 2024.","robots":{"index":"index","follow":"follow","max-snippet":"max-snippet:-1","max-image-preview":"max-image-preview:large","max-video-preview":"max-video-preview:-1"},"canonical":"https:\/\/www.lacooperativewelcoop.com\/actualites\/agenda\/soiree-installation-paris\/","og_locale":"en_US","og_type":"article","og_title":"Soir\u00e9e Installation - Paris - La Coop\u00e9rative Welcoop","og_description":"La Coop\u00e9rative Welcoop a le plaisir de vous convier \u00e0 une soir\u00e9e sur l'Installation en officine \u00e0 Paris le jeudi 28 novembre 2024.","og_url":"https:\/\/www.lacooperativewelcoop.com\/actualites\/agenda\/soiree-installation-paris\/","og_site_name":"La Coop\u00e9rative Welcoop","article_publisher":"https:\/\/www.facebook.com\/lacooperativewelcoop","article_modified_time":"2024-10-31T11:05:11+00:00","og_image":[{"width":1414,"height":589,"url":"https:\/\/www.lacooperativewelcoop.com\/wp-content\/uploads\/2024\/10\/Bann.png","type":"image\/png"}],"twitter_card":"summary_large_image","twitter_site":"@LaCoopWelcoop","twitter_misc":{"Est. reading time":"1 minute"},"schema":{"@context":"https:\/\/schema.org","@graph":[{"@type":"WebPage","@id":"https:\/\/www.lacooperativewelcoop.com\/actualites\/agenda\/soiree-installation-paris\/","url":"https:\/\/www.lacooperativewelcoop.com\/actualites\/agenda\/soiree-installation-paris\/","name":"Soir\u00e9e Installation - Paris - La Coop\u00e9rative Welcoop","isPartOf":{"@id":"https:\/\/www.lacooperativewelcoop.com\/#website"},"primaryImageOfPage":{"@id":"https:\/\/www.lacooperativewelcoop.com\/actualites\/agenda\/soiree-installation-paris\/#primaryimage"},"image":{"@id":"https:\/\/www.lacooperativewelcoop.com\/actualites\/agenda\/soiree-installation-paris\/#primaryimage"},"thumbnailUrl":"https:\/\/www.lacooperativewelcoop.com\/wp-content\/uploads\/2024\/10\/Bann.png","datePublished":"2024-10-31T11:05:09+00:00","dateModified":"2024-10-31T11:05:11+00:00","description":"La Coop\u00e9rative Welcoop a le plaisir de vous convier \u00e0 une soir\u00e9e sur l'Installation en officine \u00e0 Paris le jeudi 28 novembre 2024.","breadcrumb":{"@id":"https:\/\/www.lacooperativewelcoop.com\/actualites\/agenda\/soiree-installation-paris\/#breadcrumb"},"inLanguage":"en-US","potentialAction":[{"@type":"ReadAction","target":["https:\/\/www.lacooperativewelcoop.com\/actualites\/agenda\/soiree-installation-paris\/"]}]},{"@type":"ImageObject","inLanguage":"en-US","@id":"https:\/\/www.lacooperativewelcoop.com\/actualites\/agenda\/soiree-installation-paris\/#primaryimage","url":"https:\/\/www.lacooperativewelcoop.com\/wp-content\/uploads\/2024\/10\/Bann.png","contentUrl":"https:\/\/www.lacooperativewelcoop.com\/wp-content\/uploads\/2024\/10\/Bann.png","width":1414,"height":589,"caption":"Bann soir\u00e9e installation"},{"@type":"BreadcrumbList","@id":"https:\/\/www.lacooperativewelcoop.com\/actualites\/agenda\/soiree-installation-paris\/#breadcrumb","itemListElement":[{"@type":"ListItem","position":1,"name":"Accueil","item":"https:\/\/www.lacooperativewelcoop.com\/en\/"},{"@type":"ListItem","position":2,"name":"Agenda","item":"https:\/\/www.lacooperativewelcoop.com\/actualites\/agenda\/"},{"@type":"ListItem","position":3,"name":"Soir\u00e9e Installation &#8211; Paris"}]},{"@type":"WebSite","@id":"https:\/\/www.lacooperativewelcoop.com\/#website","url":"https:\/\/www.lacooperativewelcoop.com\/","name":"La Coop\u00e9rative Welcoop","description":"Citoyens de la sant\u00e9 et du bien-\u00eatre","publisher":{"@id":"https:\/\/www.lacooperativewelcoop.com\/#organization"},"potentialAction":[{"@type":"SearchAction","target":{"@type":"EntryPoint","urlTemplate":"https:\/\/www.lacooperativewelcoop.com\/?s={search_term_string}"},"query-input":{"@type":"PropertyValueSpecification","valueRequired":true,"valueName":"search_term_string"}}],"inLanguage":"en-US"},{"@type":"Organization","@id":"https:\/\/www.lacooperativewelcoop.com\/#organization","name":"La Coop\u00e9rative Welcoop","url":"https:\/\/www.lacooperativewelcoop.com\/","logo":{"@type":"ImageObject","inLanguage":"en-US","@id":"https:\/\/www.lacooperativewelcoop.com\/#\/schema\/logo\/image\/","url":"https:\/\/www.lacooperativewelcoop.com\/wp-content\/uploads\/2019\/08\/logo@2x.png","contentUrl":"https:\/\/www.lacooperativewelcoop.com\/wp-content\/uploads\/2019\/08\/logo@2x.png","width":400,"height":218,"caption":"La Coop\u00e9rative Welcoop"},"image":{"@id":"https:\/\/www.lacooperativewelcoop.com\/#\/schema\/logo\/image\/"},"sameAs":["https:\/\/www.facebook.com\/lacooperativewelcoop","https:\/\/x.com\/LaCoopWelcoop","https:\/\/www.instagram.com\/lacooperativewelcoop\/","https:\/\/www.linkedin.com\/company\/la-cooperative-welcoop\/","https:\/\/www.youtube.com\/playlist?list=PLgsP06JS6FdCOQzquwK_JyDt9fl52quMf"]}]}},"_links":{"self":[{"href":"https:\/\/www.lacooperativewelcoop.com\/en\/wp-json\/wp\/v2\/event\/19600","targetHints":{"allow":["GET"]}}],"collection":[{"href":"https:\/\/www.lacooperativewelcoop.com\/en\/wp-json\/wp\/v2\/event"}],"about":[{"href":"https:\/\/www.lacooperativewelcoop.com\/en\/wp-json\/wp\/v2\/types\/event"}],"author":[{"embeddable":true,"href":"https:\/\/www.lacooperativewelcoop.com\/en\/wp-json\/wp\/v2\/users\/12"}],"wp:featuredmedia":[{"embeddable":true,"href":"https:\/\/www.lacooperativewelcoop.com\/en\/wp-json\/wp\/v2\/media\/19596"}],"wp:attachment":[{"href":"https:\/\/www.lacooperativewelcoop.com\/en\/wp-json\/wp\/v2\/media?parent=19600"}],"wp:term":[{"taxonomy":"cat_event","embeddable":true,"href":"https:\/\/www.lacooperativewelcoop.com\/en\/wp-json\/wp\/v2\/cat_event?post=19600"}],"curies":[{"name":"wp","href":"https:\/\/api.w.org\/{rel}","templated":true}]}}