{"id":2626,"date":"2019-07-04T12:56:45","date_gmt":"2019-07-04T10:56:45","guid":{"rendered":"http:\/\/www.lacooperativewelcoop.com\/?post_type=event&#038;p=2626"},"modified":"2019-08-26T10:10:13","modified_gmt":"2019-08-26T08:10:13","slug":"la-sante-connectee-2","status":"publish","type":"event","link":"https:\/\/www.lacooperativewelcoop.com\/en\/actualites\/agenda\/la-sante-connectee-2\/","title":{"rendered":"&#8220;La sant\u00e9 connect\u00e9e&#8221; \u00e0 Paris"},"content":{"rendered":"<p class=\"lead text-primary\">Amis pharmaciens de Paris d&#8217;\u00cele-de-France, vous \u00eates cordialement invit\u00e9 \u00e0 une soir\u00e9e d\u00e9bat autour du th\u00e8me de La Sant\u00e9 Connect\u00e9e, qui sera suivie d&#8217;un d\u00e9bat. <\/p>\n\n\n<blockquote class=\"wp-block-quote is-layout-flow wp-block-quote-is-layout-flow\"><p>Suite \u00e0 la diffusion d\u2019un documentaire, les participants de cette \u00e9dition parisienne des Welcoop Days seront invit\u00e9s \u00e0 d\u00e9battre sur le th\u00e8me de La Sant\u00e9 Connect\u00e9e en officine. Cette \u00e9dition aura lieu dans notre capitale Paris au <a rel=\"noreferrer noopener\" href=\"http:\/\/www.mollard.fr\/\" target=\"_blank\">Brasserie Mollard<\/a> dans le 8\u00e8me. Participer aux Welcoop Days, c\u2019est am\u00e9liorer votre quotidien et celui de la profession. Pour participer \u00e0 l\u2019\u00e9volution de votre m\u00e9tier, inscrivez-vous ! <\/p><\/blockquote>\n","protected":false},"author":5,"featured_media":5175,"template":"","cat_event":[11],"class_list":["post-2626","event","type-event","status-publish","has-post-thumbnail","hentry","cat_event-welcoop-days"],"acf":[],"yoast_head":"<!-- This site is optimized with the Yoast SEO plugin v27.3 - https:\/\/yoast.com\/product\/yoast-seo-wordpress\/ -->\n<title>&quot;La sant\u00e9 connect\u00e9e&quot; \u00e0 Paris - La Coop\u00e9rative Welcoop<\/title>\n<meta name=\"robots\" content=\"index, follow, max-snippet:-1, max-image-preview:large, max-video-preview:-1\" \/>\n<link rel=\"canonical\" href=\"https:\/\/www.lacooperativewelcoop.com\/en\/actualites\/agenda\/la-sante-connectee-2\/\" \/>\n<meta property=\"og:locale\" content=\"en_US\" \/>\n<meta property=\"og:type\" content=\"article\" \/>\n<meta property=\"og:title\" content=\"&quot;La sant\u00e9 connect\u00e9e&quot; \u00e0 Paris - La Coop\u00e9rative Welcoop\" \/>\n<meta property=\"og:description\" content=\"Suite \u00e0 la diffusion d\u2019un documentaire, les participants de cette \u00e9dition parisienne des Welcoop Days seront invit\u00e9s \u00e0 d\u00e9battre sur le th\u00e8me de La Sant\u00e9...\" \/>\n<meta property=\"og:url\" content=\"https:\/\/www.lacooperativewelcoop.com\/en\/actualites\/agenda\/la-sante-connectee-2\/\" \/>\n<meta property=\"og:site_name\" content=\"La Coop\u00e9rative Welcoop\" \/>\n<meta property=\"article:publisher\" content=\"https:\/\/www.facebook.com\/lacooperativewelcoop\" \/>\n<meta property=\"article:modified_time\" content=\"2019-08-26T08:10:13+00:00\" \/>\n<meta property=\"og:image\" content=\"https:\/\/www.lacooperativewelcoop.com\/wp-content\/uploads\/2019\/07\/donnees-sante-1.jpg\" \/>\n\t<meta property=\"og:image:width\" content=\"976\" \/>\n\t<meta property=\"og:image:height\" content=\"690\" \/>\n\t<meta property=\"og:image:type\" content=\"image\/jpeg\" \/>\n<meta name=\"twitter:card\" content=\"summary_large_image\" \/>\n<meta name=\"twitter:site\" content=\"@LaCoopWelcoop\" \/>\n<script type=\"application\/ld+json\" class=\"yoast-schema-graph\">{\"@context\":\"https:\\\/\\\/schema.org\",\"@graph\":[{\"@type\":\"WebPage\",\"@id\":\"https:\\\/\\\/www.lacooperativewelcoop.com\\\/en\\\/actualites\\\/agenda\\\/la-sante-connectee-2\\\/\",\"url\":\"https:\\\/\\\/www.lacooperativewelcoop.com\\\/en\\\/actualites\\\/agenda\\\/la-sante-connectee-2\\\/\",\"name\":\"\\\"La sant\u00e9 connect\u00e9e\\\" \u00e0 Paris - La Coop\u00e9rative Welcoop\",\"isPartOf\":{\"@id\":\"https:\\\/\\\/www.lacooperativewelcoop.com\\\/#website\"},\"primaryImageOfPage\":{\"@id\":\"https:\\\/\\\/www.lacooperativewelcoop.com\\\/en\\\/actualites\\\/agenda\\\/la-sante-connectee-2\\\/#primaryimage\"},\"image\":{\"@id\":\"https:\\\/\\\/www.lacooperativewelcoop.com\\\/en\\\/actualites\\\/agenda\\\/la-sante-connectee-2\\\/#primaryimage\"},\"thumbnailUrl\":\"https:\\\/\\\/www.lacooperativewelcoop.com\\\/wp-content\\\/uploads\\\/2019\\\/07\\\/donnees-sante-1.jpg\",\"datePublished\":\"2019-07-04T10:56:45+00:00\",\"dateModified\":\"2019-08-26T08:10:13+00:00\",\"breadcrumb\":{\"@id\":\"https:\\\/\\\/www.lacooperativewelcoop.com\\\/en\\\/actualites\\\/agenda\\\/la-sante-connectee-2\\\/#breadcrumb\"},\"inLanguage\":\"en-US\",\"potentialAction\":[{\"@type\":\"ReadAction\",\"target\":[\"https:\\\/\\\/www.lacooperativewelcoop.com\\\/en\\\/actualites\\\/agenda\\\/la-sante-connectee-2\\\/\"]}]},{\"@type\":\"ImageObject\",\"inLanguage\":\"en-US\",\"@id\":\"https:\\\/\\\/www.lacooperativewelcoop.com\\\/en\\\/actualites\\\/agenda\\\/la-sante-connectee-2\\\/#primaryimage\",\"url\":\"https:\\\/\\\/www.lacooperativewelcoop.com\\\/wp-content\\\/uploads\\\/2019\\\/07\\\/donnees-sante-1.jpg\",\"contentUrl\":\"https:\\\/\\\/www.lacooperativewelcoop.com\\\/wp-content\\\/uploads\\\/2019\\\/07\\\/donnees-sante-1.jpg\",\"width\":976,\"height\":690,\"caption\":\"Donn\u00e9es de sant\u00e9 sur un smartphone\"},{\"@type\":\"BreadcrumbList\",\"@id\":\"https:\\\/\\\/www.lacooperativewelcoop.com\\\/en\\\/actualites\\\/agenda\\\/la-sante-connectee-2\\\/#breadcrumb\",\"itemListElement\":[{\"@type\":\"ListItem\",\"position\":1,\"name\":\"Accueil\",\"item\":\"https:\\\/\\\/www.lacooperativewelcoop.com\\\/en\\\/\"},{\"@type\":\"ListItem\",\"position\":2,\"name\":\"Agenda\",\"item\":\"https:\\\/\\\/www.lacooperativewelcoop.com\\\/actualites\\\/agenda\\\/\"},{\"@type\":\"ListItem\",\"position\":3,\"name\":\"&#8220;La sant\u00e9 connect\u00e9e&#8221; \u00e0 Paris\"}]},{\"@type\":\"WebSite\",\"@id\":\"https:\\\/\\\/www.lacooperativewelcoop.com\\\/#website\",\"url\":\"https:\\\/\\\/www.lacooperativewelcoop.com\\\/\",\"name\":\"La Coop\u00e9rative Welcoop\",\"description\":\"Citoyens de la sant\u00e9 et du bien-\u00eatre\",\"publisher\":{\"@id\":\"https:\\\/\\\/www.lacooperativewelcoop.com\\\/#organization\"},\"potentialAction\":[{\"@type\":\"SearchAction\",\"target\":{\"@type\":\"EntryPoint\",\"urlTemplate\":\"https:\\\/\\\/www.lacooperativewelcoop.com\\\/?s={search_term_string}\"},\"query-input\":{\"@type\":\"PropertyValueSpecification\",\"valueRequired\":true,\"valueName\":\"search_term_string\"}}],\"inLanguage\":\"en-US\"},{\"@type\":\"Organization\",\"@id\":\"https:\\\/\\\/www.lacooperativewelcoop.com\\\/#organization\",\"name\":\"La Coop\u00e9rative Welcoop\",\"url\":\"https:\\\/\\\/www.lacooperativewelcoop.com\\\/\",\"logo\":{\"@type\":\"ImageObject\",\"inLanguage\":\"en-US\",\"@id\":\"https:\\\/\\\/www.lacooperativewelcoop.com\\\/#\\\/schema\\\/logo\\\/image\\\/\",\"url\":\"https:\\\/\\\/www.lacooperativewelcoop.com\\\/wp-content\\\/uploads\\\/2019\\\/08\\\/logo@2x.png\",\"contentUrl\":\"https:\\\/\\\/www.lacooperativewelcoop.com\\\/wp-content\\\/uploads\\\/2019\\\/08\\\/logo@2x.png\",\"width\":400,\"height\":218,\"caption\":\"La Coop\u00e9rative Welcoop\"},\"image\":{\"@id\":\"https:\\\/\\\/www.lacooperativewelcoop.com\\\/#\\\/schema\\\/logo\\\/image\\\/\"},\"sameAs\":[\"https:\\\/\\\/www.facebook.com\\\/lacooperativewelcoop\",\"https:\\\/\\\/x.com\\\/LaCoopWelcoop\",\"https:\\\/\\\/www.instagram.com\\\/lacooperativewelcoop\\\/\",\"https:\\\/\\\/www.linkedin.com\\\/company\\\/la-cooperative-welcoop\\\/\",\"https:\\\/\\\/www.youtube.com\\\/playlist?list=PLgsP06JS6FdCOQzquwK_JyDt9fl52quMf\"]}]}<\/script>\n<!-- \/ Yoast SEO plugin. -->","yoast_head_json":{"title":"\"La sant\u00e9 connect\u00e9e\" \u00e0 Paris - La Coop\u00e9rative Welcoop","robots":{"index":"index","follow":"follow","max-snippet":"max-snippet:-1","max-image-preview":"max-image-preview:large","max-video-preview":"max-video-preview:-1"},"canonical":"https:\/\/www.lacooperativewelcoop.com\/en\/actualites\/agenda\/la-sante-connectee-2\/","og_locale":"en_US","og_type":"article","og_title":"\"La sant\u00e9 connect\u00e9e\" \u00e0 Paris - La Coop\u00e9rative Welcoop","og_description":"Suite \u00e0 la diffusion d\u2019un documentaire, les participants de cette \u00e9dition parisienne des Welcoop Days seront invit\u00e9s \u00e0 d\u00e9battre sur le th\u00e8me de La Sant\u00e9...","og_url":"https:\/\/www.lacooperativewelcoop.com\/en\/actualites\/agenda\/la-sante-connectee-2\/","og_site_name":"La Coop\u00e9rative Welcoop","article_publisher":"https:\/\/www.facebook.com\/lacooperativewelcoop","article_modified_time":"2019-08-26T08:10:13+00:00","og_image":[{"width":976,"height":690,"url":"https:\/\/www.lacooperativewelcoop.com\/wp-content\/uploads\/2019\/07\/donnees-sante-1.jpg","type":"image\/jpeg"}],"twitter_card":"summary_large_image","twitter_site":"@LaCoopWelcoop","schema":{"@context":"https:\/\/schema.org","@graph":[{"@type":"WebPage","@id":"https:\/\/www.lacooperativewelcoop.com\/en\/actualites\/agenda\/la-sante-connectee-2\/","url":"https:\/\/www.lacooperativewelcoop.com\/en\/actualites\/agenda\/la-sante-connectee-2\/","name":"\"La sant\u00e9 connect\u00e9e\" \u00e0 Paris - La Coop\u00e9rative Welcoop","isPartOf":{"@id":"https:\/\/www.lacooperativewelcoop.com\/#website"},"primaryImageOfPage":{"@id":"https:\/\/www.lacooperativewelcoop.com\/en\/actualites\/agenda\/la-sante-connectee-2\/#primaryimage"},"image":{"@id":"https:\/\/www.lacooperativewelcoop.com\/en\/actualites\/agenda\/la-sante-connectee-2\/#primaryimage"},"thumbnailUrl":"https:\/\/www.lacooperativewelcoop.com\/wp-content\/uploads\/2019\/07\/donnees-sante-1.jpg","datePublished":"2019-07-04T10:56:45+00:00","dateModified":"2019-08-26T08:10:13+00:00","breadcrumb":{"@id":"https:\/\/www.lacooperativewelcoop.com\/en\/actualites\/agenda\/la-sante-connectee-2\/#breadcrumb"},"inLanguage":"en-US","potentialAction":[{"@type":"ReadAction","target":["https:\/\/www.lacooperativewelcoop.com\/en\/actualites\/agenda\/la-sante-connectee-2\/"]}]},{"@type":"ImageObject","inLanguage":"en-US","@id":"https:\/\/www.lacooperativewelcoop.com\/en\/actualites\/agenda\/la-sante-connectee-2\/#primaryimage","url":"https:\/\/www.lacooperativewelcoop.com\/wp-content\/uploads\/2019\/07\/donnees-sante-1.jpg","contentUrl":"https:\/\/www.lacooperativewelcoop.com\/wp-content\/uploads\/2019\/07\/donnees-sante-1.jpg","width":976,"height":690,"caption":"Donn\u00e9es de sant\u00e9 sur un smartphone"},{"@type":"BreadcrumbList","@id":"https:\/\/www.lacooperativewelcoop.com\/en\/actualites\/agenda\/la-sante-connectee-2\/#breadcrumb","itemListElement":[{"@type":"ListItem","position":1,"name":"Accueil","item":"https:\/\/www.lacooperativewelcoop.com\/en\/"},{"@type":"ListItem","position":2,"name":"Agenda","item":"https:\/\/www.lacooperativewelcoop.com\/actualites\/agenda\/"},{"@type":"ListItem","position":3,"name":"&#8220;La sant\u00e9 connect\u00e9e&#8221; \u00e0 Paris"}]},{"@type":"WebSite","@id":"https:\/\/www.lacooperativewelcoop.com\/#website","url":"https:\/\/www.lacooperativewelcoop.com\/","name":"La Coop\u00e9rative Welcoop","description":"Citoyens de la sant\u00e9 et du bien-\u00eatre","publisher":{"@id":"https:\/\/www.lacooperativewelcoop.com\/#organization"},"potentialAction":[{"@type":"SearchAction","target":{"@type":"EntryPoint","urlTemplate":"https:\/\/www.lacooperativewelcoop.com\/?s={search_term_string}"},"query-input":{"@type":"PropertyValueSpecification","valueRequired":true,"valueName":"search_term_string"}}],"inLanguage":"en-US"},{"@type":"Organization","@id":"https:\/\/www.lacooperativewelcoop.com\/#organization","name":"La Coop\u00e9rative Welcoop","url":"https:\/\/www.lacooperativewelcoop.com\/","logo":{"@type":"ImageObject","inLanguage":"en-US","@id":"https:\/\/www.lacooperativewelcoop.com\/#\/schema\/logo\/image\/","url":"https:\/\/www.lacooperativewelcoop.com\/wp-content\/uploads\/2019\/08\/logo@2x.png","contentUrl":"https:\/\/www.lacooperativewelcoop.com\/wp-content\/uploads\/2019\/08\/logo@2x.png","width":400,"height":218,"caption":"La Coop\u00e9rative Welcoop"},"image":{"@id":"https:\/\/www.lacooperativewelcoop.com\/#\/schema\/logo\/image\/"},"sameAs":["https:\/\/www.facebook.com\/lacooperativewelcoop","https:\/\/x.com\/LaCoopWelcoop","https:\/\/www.instagram.com\/lacooperativewelcoop\/","https:\/\/www.linkedin.com\/company\/la-cooperative-welcoop\/","https:\/\/www.youtube.com\/playlist?list=PLgsP06JS6FdCOQzquwK_JyDt9fl52quMf"]}]}},"_links":{"self":[{"href":"https:\/\/www.lacooperativewelcoop.com\/en\/wp-json\/wp\/v2\/event\/2626","targetHints":{"allow":["GET"]}}],"collection":[{"href":"https:\/\/www.lacooperativewelcoop.com\/en\/wp-json\/wp\/v2\/event"}],"about":[{"href":"https:\/\/www.lacooperativewelcoop.com\/en\/wp-json\/wp\/v2\/types\/event"}],"author":[{"embeddable":true,"href":"https:\/\/www.lacooperativewelcoop.com\/en\/wp-json\/wp\/v2\/users\/5"}],"wp:featuredmedia":[{"embeddable":true,"href":"https:\/\/www.lacooperativewelcoop.com\/en\/wp-json\/wp\/v2\/media\/5175"}],"wp:attachment":[{"href":"https:\/\/www.lacooperativewelcoop.com\/en\/wp-json\/wp\/v2\/media?parent=2626"}],"wp:term":[{"taxonomy":"cat_event","embeddable":true,"href":"https:\/\/www.lacooperativewelcoop.com\/en\/wp-json\/wp\/v2\/cat_event?post=2626"}],"curies":[{"name":"wp","href":"https:\/\/api.w.org\/{rel}","templated":true}]}}