{"id":7836,"date":"2020-08-24T14:57:59","date_gmt":"2020-08-24T12:57:59","guid":{"rendered":"https:\/\/www.lacooperativewelcoop.com\/?post_type=event&#038;p=7836"},"modified":"2020-09-14T12:07:33","modified_gmt":"2020-09-14T10:07:33","slug":"la-sante-connectee-a-nantes","status":"publish","type":"event","link":"https:\/\/www.lacooperativewelcoop.com\/en\/actualites\/agenda\/la-sante-connectee-a-nantes\/","title":{"rendered":"&#8220;La Sant\u00e9 Connect\u00e9e&#8221; \u00e0 Nantes"},"content":{"rendered":"<p class=\"lead text-primary\">Le 15 octobre prochain, La Coop\u00e9rative Welcoop a le plaisir d\u2019inviter les pharmaciens de Nantes (et environs) \u00e0 venir participer \u00e0 une soir\u00e9e-d\u00e9bat autour du th\u00e8me de la sant\u00e9 connect\u00e9e !<\/p>\n\n\n<p>Les Welcoop Days sont des rencontres de proximit\u00e9 traduisant le parti pris de l\u2019\u00e9change et de l\u2019innovation cher \u00e0 La Coop\u00e9rative Welcoop. Suite \u00e0 la diffusion d\u2019un documentaire, les participants sont invit\u00e9s \u00e0 d\u00e9battre sur des th\u00e8mes qui feront la pharmacie de demain. Gr\u00e2ce \u00e0 votre expertise professionnelle, les Welcoop Days g\u00e9n\u00e8rent une v\u00e9ritable richesse d\u2019information qui profitera \u00e0 la profession toute enti\u00e8re.<br>Participer aux Welcoop Days, c\u2019est am\u00e9liorer votre quotidien et celui de la profession.<br><\/p>\n\n\n\n<p>La soir\u00e9e aura lieu aux <a href=\"http:\/\/www.restaurant-lesterrassesdelagournerie.fr\/\" target=\"_blank\" rel=\"noreferrer noopener\">Terrasses de la Gournerie<\/a> \u00e0 Saint-Herblain.<\/p>\n","protected":false},"author":5,"featured_media":7846,"template":"","cat_event":[11],"class_list":["post-7836","event","type-event","status-publish","has-post-thumbnail","hentry","cat_event-welcoop-days"],"acf":[],"yoast_head":"<!-- This site is optimized with the Yoast SEO plugin v27.3 - https:\/\/yoast.com\/product\/yoast-seo-wordpress\/ -->\n<title>&quot;La Sant\u00e9 Connect\u00e9e&quot; \u00e0 Nantes - La Coop\u00e9rative Welcoop<\/title>\n<meta name=\"robots\" content=\"index, follow, max-snippet:-1, max-image-preview:large, max-video-preview:-1\" \/>\n<link rel=\"canonical\" href=\"https:\/\/www.lacooperativewelcoop.com\/en\/actualites\/agenda\/la-sante-connectee-a-nantes\/\" \/>\n<meta property=\"og:locale\" content=\"en_US\" \/>\n<meta property=\"og:type\" content=\"article\" \/>\n<meta property=\"og:title\" content=\"&quot;La Sant\u00e9 Connect\u00e9e&quot; \u00e0 Nantes - La Coop\u00e9rative Welcoop\" \/>\n<meta property=\"og:description\" content=\"Les Welcoop Days sont des rencontres de proximit\u00e9 traduisant le parti pris de l\u2019\u00e9change et de l\u2019innovation cher \u00e0 La Coop\u00e9rative Welcoop. Suite \u00e0 la...\" \/>\n<meta property=\"og:url\" content=\"https:\/\/www.lacooperativewelcoop.com\/en\/actualites\/agenda\/la-sante-connectee-a-nantes\/\" \/>\n<meta property=\"og:site_name\" content=\"La Coop\u00e9rative Welcoop\" \/>\n<meta property=\"article:publisher\" content=\"https:\/\/www.facebook.com\/lacooperativewelcoop\" \/>\n<meta property=\"article:modified_time\" content=\"2020-09-14T10:07:33+00:00\" \/>\n<meta property=\"og:image\" content=\"https:\/\/www.lacooperativewelcoop.com\/wp-content\/uploads\/2019\/12\/4.png\" \/>\n\t<meta property=\"og:image:width\" content=\"2240\" \/>\n\t<meta property=\"og:image:height\" content=\"1260\" \/>\n\t<meta property=\"og:image:type\" content=\"image\/png\" \/>\n<meta name=\"twitter:card\" content=\"summary_large_image\" \/>\n<meta name=\"twitter:site\" content=\"@LaCoopWelcoop\" \/>\n<script type=\"application\/ld+json\" class=\"yoast-schema-graph\">{\"@context\":\"https:\\\/\\\/schema.org\",\"@graph\":[{\"@type\":\"WebPage\",\"@id\":\"https:\\\/\\\/www.lacooperativewelcoop.com\\\/en\\\/actualites\\\/agenda\\\/la-sante-connectee-a-nantes\\\/\",\"url\":\"https:\\\/\\\/www.lacooperativewelcoop.com\\\/en\\\/actualites\\\/agenda\\\/la-sante-connectee-a-nantes\\\/\",\"name\":\"\\\"La Sant\u00e9 Connect\u00e9e\\\" \u00e0 Nantes - La Coop\u00e9rative Welcoop\",\"isPartOf\":{\"@id\":\"https:\\\/\\\/www.lacooperativewelcoop.com\\\/#website\"},\"primaryImageOfPage\":{\"@id\":\"https:\\\/\\\/www.lacooperativewelcoop.com\\\/en\\\/actualites\\\/agenda\\\/la-sante-connectee-a-nantes\\\/#primaryimage\"},\"image\":{\"@id\":\"https:\\\/\\\/www.lacooperativewelcoop.com\\\/en\\\/actualites\\\/agenda\\\/la-sante-connectee-a-nantes\\\/#primaryimage\"},\"thumbnailUrl\":\"https:\\\/\\\/www.lacooperativewelcoop.com\\\/wp-content\\\/uploads\\\/2019\\\/12\\\/4.png\",\"datePublished\":\"2020-08-24T12:57:59+00:00\",\"dateModified\":\"2020-09-14T10:07:33+00:00\",\"breadcrumb\":{\"@id\":\"https:\\\/\\\/www.lacooperativewelcoop.com\\\/en\\\/actualites\\\/agenda\\\/la-sante-connectee-a-nantes\\\/#breadcrumb\"},\"inLanguage\":\"en-US\",\"potentialAction\":[{\"@type\":\"ReadAction\",\"target\":[\"https:\\\/\\\/www.lacooperativewelcoop.com\\\/en\\\/actualites\\\/agenda\\\/la-sante-connectee-a-nantes\\\/\"]}]},{\"@type\":\"ImageObject\",\"inLanguage\":\"en-US\",\"@id\":\"https:\\\/\\\/www.lacooperativewelcoop.com\\\/en\\\/actualites\\\/agenda\\\/la-sante-connectee-a-nantes\\\/#primaryimage\",\"url\":\"https:\\\/\\\/www.lacooperativewelcoop.com\\\/wp-content\\\/uploads\\\/2019\\\/12\\\/4.png\",\"contentUrl\":\"https:\\\/\\\/www.lacooperativewelcoop.com\\\/wp-content\\\/uploads\\\/2019\\\/12\\\/4.png\",\"width\":2240,\"height\":1260,\"caption\":\"Nantes\"},{\"@type\":\"BreadcrumbList\",\"@id\":\"https:\\\/\\\/www.lacooperativewelcoop.com\\\/en\\\/actualites\\\/agenda\\\/la-sante-connectee-a-nantes\\\/#breadcrumb\",\"itemListElement\":[{\"@type\":\"ListItem\",\"position\":1,\"name\":\"Accueil\",\"item\":\"https:\\\/\\\/www.lacooperativewelcoop.com\\\/en\\\/\"},{\"@type\":\"ListItem\",\"position\":2,\"name\":\"Agenda\",\"item\":\"https:\\\/\\\/www.lacooperativewelcoop.com\\\/actualites\\\/agenda\\\/\"},{\"@type\":\"ListItem\",\"position\":3,\"name\":\"&#8220;La Sant\u00e9 Connect\u00e9e&#8221; \u00e0 Nantes\"}]},{\"@type\":\"WebSite\",\"@id\":\"https:\\\/\\\/www.lacooperativewelcoop.com\\\/#website\",\"url\":\"https:\\\/\\\/www.lacooperativewelcoop.com\\\/\",\"name\":\"La Coop\u00e9rative Welcoop\",\"description\":\"Citoyens de la sant\u00e9 et du bien-\u00eatre\",\"publisher\":{\"@id\":\"https:\\\/\\\/www.lacooperativewelcoop.com\\\/#organization\"},\"potentialAction\":[{\"@type\":\"SearchAction\",\"target\":{\"@type\":\"EntryPoint\",\"urlTemplate\":\"https:\\\/\\\/www.lacooperativewelcoop.com\\\/?s={search_term_string}\"},\"query-input\":{\"@type\":\"PropertyValueSpecification\",\"valueRequired\":true,\"valueName\":\"search_term_string\"}}],\"inLanguage\":\"en-US\"},{\"@type\":\"Organization\",\"@id\":\"https:\\\/\\\/www.lacooperativewelcoop.com\\\/#organization\",\"name\":\"La Coop\u00e9rative Welcoop\",\"url\":\"https:\\\/\\\/www.lacooperativewelcoop.com\\\/\",\"logo\":{\"@type\":\"ImageObject\",\"inLanguage\":\"en-US\",\"@id\":\"https:\\\/\\\/www.lacooperativewelcoop.com\\\/#\\\/schema\\\/logo\\\/image\\\/\",\"url\":\"https:\\\/\\\/www.lacooperativewelcoop.com\\\/wp-content\\\/uploads\\\/2019\\\/08\\\/logo@2x.png\",\"contentUrl\":\"https:\\\/\\\/www.lacooperativewelcoop.com\\\/wp-content\\\/uploads\\\/2019\\\/08\\\/logo@2x.png\",\"width\":400,\"height\":218,\"caption\":\"La Coop\u00e9rative Welcoop\"},\"image\":{\"@id\":\"https:\\\/\\\/www.lacooperativewelcoop.com\\\/#\\\/schema\\\/logo\\\/image\\\/\"},\"sameAs\":[\"https:\\\/\\\/www.facebook.com\\\/lacooperativewelcoop\",\"https:\\\/\\\/x.com\\\/LaCoopWelcoop\",\"https:\\\/\\\/www.instagram.com\\\/lacooperativewelcoop\\\/\",\"https:\\\/\\\/www.linkedin.com\\\/company\\\/la-cooperative-welcoop\\\/\",\"https:\\\/\\\/www.youtube.com\\\/playlist?list=PLgsP06JS6FdCOQzquwK_JyDt9fl52quMf\"]}]}<\/script>\n<!-- \/ Yoast SEO plugin. -->","yoast_head_json":{"title":"\"La Sant\u00e9 Connect\u00e9e\" \u00e0 Nantes - La Coop\u00e9rative Welcoop","robots":{"index":"index","follow":"follow","max-snippet":"max-snippet:-1","max-image-preview":"max-image-preview:large","max-video-preview":"max-video-preview:-1"},"canonical":"https:\/\/www.lacooperativewelcoop.com\/en\/actualites\/agenda\/la-sante-connectee-a-nantes\/","og_locale":"en_US","og_type":"article","og_title":"\"La Sant\u00e9 Connect\u00e9e\" \u00e0 Nantes - La Coop\u00e9rative Welcoop","og_description":"Les Welcoop Days sont des rencontres de proximit\u00e9 traduisant le parti pris de l\u2019\u00e9change et de l\u2019innovation cher \u00e0 La Coop\u00e9rative Welcoop. Suite \u00e0 la...","og_url":"https:\/\/www.lacooperativewelcoop.com\/en\/actualites\/agenda\/la-sante-connectee-a-nantes\/","og_site_name":"La Coop\u00e9rative Welcoop","article_publisher":"https:\/\/www.facebook.com\/lacooperativewelcoop","article_modified_time":"2020-09-14T10:07:33+00:00","og_image":[{"width":2240,"height":1260,"url":"https:\/\/www.lacooperativewelcoop.com\/wp-content\/uploads\/2019\/12\/4.png","type":"image\/png"}],"twitter_card":"summary_large_image","twitter_site":"@LaCoopWelcoop","schema":{"@context":"https:\/\/schema.org","@graph":[{"@type":"WebPage","@id":"https:\/\/www.lacooperativewelcoop.com\/en\/actualites\/agenda\/la-sante-connectee-a-nantes\/","url":"https:\/\/www.lacooperativewelcoop.com\/en\/actualites\/agenda\/la-sante-connectee-a-nantes\/","name":"\"La Sant\u00e9 Connect\u00e9e\" \u00e0 Nantes - La Coop\u00e9rative Welcoop","isPartOf":{"@id":"https:\/\/www.lacooperativewelcoop.com\/#website"},"primaryImageOfPage":{"@id":"https:\/\/www.lacooperativewelcoop.com\/en\/actualites\/agenda\/la-sante-connectee-a-nantes\/#primaryimage"},"image":{"@id":"https:\/\/www.lacooperativewelcoop.com\/en\/actualites\/agenda\/la-sante-connectee-a-nantes\/#primaryimage"},"thumbnailUrl":"https:\/\/www.lacooperativewelcoop.com\/wp-content\/uploads\/2019\/12\/4.png","datePublished":"2020-08-24T12:57:59+00:00","dateModified":"2020-09-14T10:07:33+00:00","breadcrumb":{"@id":"https:\/\/www.lacooperativewelcoop.com\/en\/actualites\/agenda\/la-sante-connectee-a-nantes\/#breadcrumb"},"inLanguage":"en-US","potentialAction":[{"@type":"ReadAction","target":["https:\/\/www.lacooperativewelcoop.com\/en\/actualites\/agenda\/la-sante-connectee-a-nantes\/"]}]},{"@type":"ImageObject","inLanguage":"en-US","@id":"https:\/\/www.lacooperativewelcoop.com\/en\/actualites\/agenda\/la-sante-connectee-a-nantes\/#primaryimage","url":"https:\/\/www.lacooperativewelcoop.com\/wp-content\/uploads\/2019\/12\/4.png","contentUrl":"https:\/\/www.lacooperativewelcoop.com\/wp-content\/uploads\/2019\/12\/4.png","width":2240,"height":1260,"caption":"Nantes"},{"@type":"BreadcrumbList","@id":"https:\/\/www.lacooperativewelcoop.com\/en\/actualites\/agenda\/la-sante-connectee-a-nantes\/#breadcrumb","itemListElement":[{"@type":"ListItem","position":1,"name":"Accueil","item":"https:\/\/www.lacooperativewelcoop.com\/en\/"},{"@type":"ListItem","position":2,"name":"Agenda","item":"https:\/\/www.lacooperativewelcoop.com\/actualites\/agenda\/"},{"@type":"ListItem","position":3,"name":"&#8220;La Sant\u00e9 Connect\u00e9e&#8221; \u00e0 Nantes"}]},{"@type":"WebSite","@id":"https:\/\/www.lacooperativewelcoop.com\/#website","url":"https:\/\/www.lacooperativewelcoop.com\/","name":"La Coop\u00e9rative Welcoop","description":"Citoyens de la sant\u00e9 et du bien-\u00eatre","publisher":{"@id":"https:\/\/www.lacooperativewelcoop.com\/#organization"},"potentialAction":[{"@type":"SearchAction","target":{"@type":"EntryPoint","urlTemplate":"https:\/\/www.lacooperativewelcoop.com\/?s={search_term_string}"},"query-input":{"@type":"PropertyValueSpecification","valueRequired":true,"valueName":"search_term_string"}}],"inLanguage":"en-US"},{"@type":"Organization","@id":"https:\/\/www.lacooperativewelcoop.com\/#organization","name":"La Coop\u00e9rative Welcoop","url":"https:\/\/www.lacooperativewelcoop.com\/","logo":{"@type":"ImageObject","inLanguage":"en-US","@id":"https:\/\/www.lacooperativewelcoop.com\/#\/schema\/logo\/image\/","url":"https:\/\/www.lacooperativewelcoop.com\/wp-content\/uploads\/2019\/08\/logo@2x.png","contentUrl":"https:\/\/www.lacooperativewelcoop.com\/wp-content\/uploads\/2019\/08\/logo@2x.png","width":400,"height":218,"caption":"La Coop\u00e9rative Welcoop"},"image":{"@id":"https:\/\/www.lacooperativewelcoop.com\/#\/schema\/logo\/image\/"},"sameAs":["https:\/\/www.facebook.com\/lacooperativewelcoop","https:\/\/x.com\/LaCoopWelcoop","https:\/\/www.instagram.com\/lacooperativewelcoop\/","https:\/\/www.linkedin.com\/company\/la-cooperative-welcoop\/","https:\/\/www.youtube.com\/playlist?list=PLgsP06JS6FdCOQzquwK_JyDt9fl52quMf"]}]}},"_links":{"self":[{"href":"https:\/\/www.lacooperativewelcoop.com\/en\/wp-json\/wp\/v2\/event\/7836","targetHints":{"allow":["GET"]}}],"collection":[{"href":"https:\/\/www.lacooperativewelcoop.com\/en\/wp-json\/wp\/v2\/event"}],"about":[{"href":"https:\/\/www.lacooperativewelcoop.com\/en\/wp-json\/wp\/v2\/types\/event"}],"author":[{"embeddable":true,"href":"https:\/\/www.lacooperativewelcoop.com\/en\/wp-json\/wp\/v2\/users\/5"}],"wp:featuredmedia":[{"embeddable":true,"href":"https:\/\/www.lacooperativewelcoop.com\/en\/wp-json\/wp\/v2\/media\/7846"}],"wp:attachment":[{"href":"https:\/\/www.lacooperativewelcoop.com\/en\/wp-json\/wp\/v2\/media?parent=7836"}],"wp:term":[{"taxonomy":"cat_event","embeddable":true,"href":"https:\/\/www.lacooperativewelcoop.com\/en\/wp-json\/wp\/v2\/cat_event?post=7836"}],"curies":[{"name":"wp","href":"https:\/\/api.w.org\/{rel}","templated":true}]}}